{"id":121,"date":"2012-05-24T20:00:40","date_gmt":"2012-05-24T20:00:40","guid":{"rendered":"http:\/\/192.168.254.210\/wordpress\/?page_id=121"},"modified":"2018-01-16T23:29:30","modified_gmt":"2018-01-17T04:29:30","slug":"publications","status":"publish","type":"page","link":"http:\/\/morenofraginals.com\/?page_id=121","title":{"rendered":"Publications"},"content":{"rendered":"<p>[et_pb_section bb_built=&#8221;1&#8243; admin_label=&#8221;section&#8221; background_color=&#8221;#999999&#8243; inner_shadow=&#8221;on&#8221; fullwidth=&#8221;on&#8221; transparent_background=&#8221;off&#8221; parallax=&#8221;off&#8221; parallax_method=&#8221;off&#8221; background_image=&#8221;http:\/\/192.168.254.210\/wp-content\/uploads\/2012\/05\/vintage_typewriter_keys.jpg&#8221;][et_pb_fullwidth_header title=&#8221;Publications&#8221; background_layout=&#8221;dark&#8221; text_orientation=&#8221;left&#8221;]<\/p>\n<p>[\/et_pb_fullwidth_header][\/et_pb_section][et_pb_section bb_built=&#8221;1&#8243; admin_label=&#8221;section&#8221;][et_pb_row admin_label=&#8221;row&#8221; background_position=&#8221;top_left&#8221; background_repeat=&#8221;repeat&#8221; background_size=&#8221;initial&#8221;][et_pb_column type=&#8221;1_3&#8243;][et_pb_image _builder_version=&#8221;3.0.95&#8243; show_in_lightbox=&#8221;off&#8221; url_new_window=&#8221;off&#8221; src=&#8221;http:\/\/192.168.254.210\/wp-content\/uploads\/2015\/02\/ElIngenio.jpg&#8221; always_center_on_mobile=&#8221;on&#8221; use_overlay=&#8221;off&#8221; force_fullwidth=&#8221;off&#8221; show_bottom_space=&#8221;on&#8221; \/][et_pb_text href=&#8221;http:\/\/buyviagraonlinefree.net\/&#8221; background_layout=&#8221;light&#8221; text_orientation=&#8221;left&#8221; background_position=&#8221;top_left&#8221; background_repeat=&#8221;repeat&#8221; background_size=&#8221;initial&#8221;]<\/p>\n<h2><span class='tooltipsall classtoolTips7' style='border-bottom:2px dotted #888;'>El Ingenio<\/span><\/h2>\n<h3><em>Complejo Econ\u00f3mico Social Cubano del Az\u00facar<\/em><\/h3>\n<p>La Habana, Comisi\u00f3n Nacional Cubana de la UNESCO, 1964.<br \/>\nTraducido al <a>Ingl\u00e9s<\/a> (publicado en 1976) y al<a> Japon\u00e9s<\/a> entre otros.<\/p>\n<p>[\/et_pb_text][\/et_pb_column][et_pb_column type=&#8221;1_3&#8243;][et_pb_image _builder_version=&#8221;3.0.95&#8243; show_in_lightbox=&#8221;off&#8221; url_new_window=&#8221;off&#8221; src=&#8221;http:\/\/192.168.254.210\/wp-content\/uploads\/2015\/02\/TheSugarmill.jpg&#8221; always_center_on_mobile=&#8221;on&#8221; use_overlay=&#8221;off&#8221; force_fullwidth=&#8221;off&#8221; show_bottom_space=&#8221;on&#8221; \/][et_pb_text admin_label=&#8221;Sugarmill&#8221; background_layout=&#8221;light&#8221; text_orientation=&#8221;left&#8221; background_position=&#8221;top_left&#8221; background_repeat=&#8221;repeat&#8221; background_size=&#8221;initial&#8221; _builder_version=&#8221;3.0.95&#8243;]<\/p>\n<h2><span class='tooltipsall classtoolTips6' style='border-bottom:2px dotted #888;'>The Sugarmill<\/span><\/h2>\n<h3><em>The Socioeconomic Complex of Sugar in Cuba 1760-1860<\/em><\/h3>\n<p>Monthly Review Press &#8211; 1976<\/p>\n<p>[\/et_pb_text][\/et_pb_column][et_pb_column type=&#8221;1_3&#8243;][et_pb_image _builder_version=&#8221;3.0.95&#8243; show_in_lightbox=&#8221;off&#8221; url_new_window=&#8221;off&#8221; src=&#8221;http:\/\/192.168.254.210\/wp-content\/uploads\/2015\/02\/JoseASaco.jpg&#8221; always_center_on_mobile=&#8221;on&#8221; use_overlay=&#8221;off&#8221; force_fullwidth=&#8221;off&#8221; show_bottom_space=&#8221;on&#8221; \/][et_pb_text admin_label=&#8221;JoseASaco Description&#8221; background_layout=&#8221;light&#8221; text_orientation=&#8221;left&#8221; use_border_color=&#8221;off&#8221; border_color=&#8221;#ffffff&#8221; border_style=&#8221;solid&#8221; background_position=&#8221;top_left&#8221; background_repeat=&#8221;repeat&#8221; background_size=&#8221;initial&#8221;]<\/p>\n<h2><span class='tooltipsall classtoolTips1' style='border-bottom:2px dotted #888;'>Jos\u00e9 A. Saco<\/span><\/h2>\n<h3><em>Estudio y Bibliograf\u00eda<\/em><\/h3>\n<p>Universidad Central de Las Villas<\/p>\n<p>Direcci\u00f3n de Publicaciones, 1960.<\/p>\n<p>[\/et_pb_text][\/et_pb_column][\/et_pb_row][et_pb_row admin_label=&#8221;row&#8221; background_position=&#8221;top_left&#8221; background_repeat=&#8221;repeat&#8221; background_size=&#8221;initial&#8221;][et_pb_column type=&#8221;1_3&#8243;][et_pb_image _builder_version=&#8221;3.0.95&#8243; show_in_lightbox=&#8221;off&#8221; url_new_window=&#8221;off&#8221; src=&#8221;http:\/\/192.168.254.210\/wp-content\/uploads\/2015\/02\/IngenioTomo1.jpg&#8221; always_center_on_mobile=&#8221;on&#8221; use_overlay=&#8221;off&#8221; force_fullwidth=&#8221;off&#8221; show_bottom_space=&#8221;on&#8221; \/][et_pb_text admin_label=&#8221;ElIngenioTomo1 Description&#8221; background_layout=&#8221;light&#8221; text_orientation=&#8221;left&#8221; background_position=&#8221;top_left&#8221; background_repeat=&#8221;repeat&#8221; background_size=&#8221;initial&#8221;]<\/p>\n<h2><span class='tooltipsall classtoolTips7' style='border-bottom:2px dotted #888;'>El Ingenio<\/span><\/h2>\n<h3><em>Complejo Econ\u00f3mico Social Cubano del Az\u00facar &#8211; Volumen I<\/em><\/h3>\n<p>Editorial Ciencias Sociales. La Habana. 1978<\/p>\n<p>[\/et_pb_text][\/et_pb_column][et_pb_column type=&#8221;1_3&#8243;][et_pb_image _builder_version=&#8221;3.0.95&#8243; show_in_lightbox=&#8221;off&#8221; url_new_window=&#8221;off&#8221; src=&#8221;http:\/\/192.168.254.210\/wp-content\/uploads\/2015\/02\/IngenioTomo2.jpg&#8221; always_center_on_mobile=&#8221;on&#8221; use_overlay=&#8221;off&#8221; force_fullwidth=&#8221;off&#8221; show_bottom_space=&#8221;on&#8221; \/][et_pb_text admin_label=&#8221;IngenioTomoII Description&#8221; background_layout=&#8221;light&#8221; text_orientation=&#8221;left&#8221; background_position=&#8221;top_left&#8221; background_repeat=&#8221;repeat&#8221; background_size=&#8221;initial&#8221;]<\/p>\n<h2><span class='tooltipsall classtoolTips7' style='border-bottom:2px dotted #888;'>El Ingenio<\/span><\/h2>\n<h3><em>Complejo Econ\u00f3mico Social Cubano del Az\u00facar. Volumen II<\/em><\/h3>\n<p>Editorial de Ciencias Sociales. La Habana. 1978.<\/p>\n<p>[\/et_pb_text][\/et_pb_column][et_pb_column type=&#8221;1_3&#8243;][et_pb_image _builder_version=&#8221;3.0.95&#8243; show_in_lightbox=&#8221;off&#8221; url_new_window=&#8221;off&#8221; src=&#8221;http:\/\/192.168.254.210\/wp-content\/uploads\/2015\/02\/IngenioTomo3.jpg&#8221; always_center_on_mobile=&#8221;on&#8221; use_overlay=&#8221;off&#8221; force_fullwidth=&#8221;off&#8221; show_bottom_space=&#8221;on&#8221; \/][et_pb_text admin_label=&#8221;IngenioTomoIII Description&#8221; background_layout=&#8221;light&#8221; text_orientation=&#8221;left&#8221; background_position=&#8221;top_left&#8221; background_repeat=&#8221;repeat&#8221; background_size=&#8221;initial&#8221;]<\/p>\n<h2><span style=\"font-family: Arial, Helvetica, Geneva, Swiss, SunSans-Regular;\"><span class='tooltipsall classtoolTips7' style='border-bottom:2px dotted #888;'>El Ingenio<\/span><\/span><\/h2>\n<h3><em><span style=\"font-family: Arial, Helvetica, Geneva, Swiss, SunSans-Regular;\">Complejo econ\u00f3mico social cubano del az\u00facar. Volumen III<\/span><\/em><\/h3>\n<p>Editorial de Ciencias Sociales. La Habana. 1978.<\/p>\n<p>[\/et_pb_text][\/et_pb_column][\/et_pb_row][et_pb_row admin_label=&#8221;row&#8221; background_position=&#8221;top_left&#8221; background_repeat=&#8221;repeat&#8221; background_size=&#8221;initial&#8221;][et_pb_column type=&#8221;1_3&#8243;][et_pb_image _builder_version=&#8221;3.0.95&#8243; show_in_lightbox=&#8221;off&#8221; url_new_window=&#8221;off&#8221; src=&#8221;http:\/\/192.168.254.210\/wp-content\/uploads\/2015\/02\/BetweenSlavery.jpg&#8221; always_center_on_mobile=&#8221;on&#8221; use_overlay=&#8221;off&#8221; force_fullwidth=&#8221;off&#8221; show_bottom_space=&#8221;on&#8221; \/][et_pb_text admin_label=&#8221;BetweenSlavery Description&#8221; background_layout=&#8221;light&#8221; text_orientation=&#8221;left&#8221; background_position=&#8221;top_left&#8221; background_repeat=&#8221;repeat&#8221; background_size=&#8221;initial&#8221;]<\/p>\n<h2><span class='tooltipsall classtoolTips4' style='border-bottom:2px dotted #888;'>Between Slavery and Free Labor<\/span><\/h2>\n<p>Edited by Manuel Moreno Fraginals, Frank Moya Pons and Stanley L. Engerman<\/p>\n<p>Johns Hopkins Studies in Atlantic History and Culture Richard Price,<\/p>\n<p>General Editor The Johns Hopkins University Press.<\/p>\n<p>Baltimore and London. 1985.<\/p>\n<p>[\/et_pb_text][\/et_pb_column][et_pb_column type=&#8221;1_3&#8243;][et_pb_image _builder_version=&#8221;3.0.95&#8243; show_in_lightbox=&#8221;off&#8221; url_new_window=&#8221;off&#8221; src=&#8221;http:\/\/192.168.254.210\/wp-content\/uploads\/2015\/02\/ElToquenAzu.jpg&#8221; always_center_on_mobile=&#8221;on&#8221; use_overlay=&#8221;off&#8221; force_fullwidth=&#8221;off&#8221; show_bottom_space=&#8221;on&#8221; \/][et_pb_text admin_label=&#8221;ElToken Description&#8221; background_layout=&#8221;light&#8221; text_orientation=&#8221;left&#8221; background_position=&#8221;top_left&#8221; background_repeat=&#8221;repeat&#8221; background_size=&#8221;initial&#8221;]<\/p>\n<h2>El Token Azucarero Cubano<\/h2>\n<p>Published by Museo Numism\u00e1tico de Cuba.<\/p>\n<p>[\/et_pb_text][\/et_pb_column][et_pb_column type=&#8221;1_3&#8243;][et_pb_image _builder_version=&#8221;3.0.95&#8243; show_in_lightbox=&#8221;off&#8221; url_new_window=&#8221;off&#8221; src=&#8221;http:\/\/192.168.254.210\/wp-content\/uploads\/2015\/02\/LaHistoriaArma.jpg&#8221; always_center_on_mobile=&#8221;on&#8221; use_overlay=&#8221;off&#8221; force_fullwidth=&#8221;off&#8221; show_bottom_space=&#8221;on&#8221; \/][et_pb_text admin_label=&#8221;HistoriaComoArma Description&#8221; background_layout=&#8221;light&#8221; text_orientation=&#8221;left&#8221; background_position=&#8221;top_left&#8221; background_repeat=&#8221;repeat&#8221; background_size=&#8221;initial&#8221;]<\/p>\n<h2><span class='tooltipsall classtoolTips8' style='border-bottom:2px dotted #888;'>La Historia como Arma<\/span><\/h2>\n<h3><em>Y Otros Estudios sobre Esclavos, Ingenios y Plantaciones<\/em><\/h3>\n<p>Editorial Cr\u00edtica. Grupo editorial Grijalbo. Barcelona. 1983<\/p>\n<p>[\/et_pb_text][\/et_pb_column][\/et_pb_row][et_pb_row admin_label=&#8221;row&#8221; background_position=&#8221;top_left&#8221; background_repeat=&#8221;repeat&#8221; background_size=&#8221;initial&#8221;][et_pb_column type=&#8221;1_3&#8243;][et_pb_image _builder_version=&#8221;3.0.95&#8243; show_in_lightbox=&#8221;off&#8221; url_new_window=&#8221;off&#8221; src=&#8221;http:\/\/192.168.254.210\/wp-content\/uploads\/2015\/02\/AfricaEnAmerica.jpg&#8221; always_center_on_mobile=&#8221;on&#8221; use_overlay=&#8221;off&#8221; force_fullwidth=&#8221;off&#8221; show_bottom_space=&#8221;on&#8221; \/][et_pb_text admin_label=&#8221;AfricaEnAmerica Description&#8221; background_layout=&#8221;light&#8221; text_orientation=&#8221;left&#8221; background_position=&#8221;top_left&#8221; background_repeat=&#8221;repeat&#8221; background_size=&#8221;initial&#8221;]<\/p>\n<h2><span class='tooltipsall classtoolTips5' style='border-bottom:2px dotted #888;'>Africa en Am\u00e9rica Latina<\/span><\/h2>\n<p>Publicado conjuntamente por la editorial Siglo XXI y UNESCO, Paris<\/p>\n<p>Primera edici\u00f3n 1977, segunda edici\u00f3n 1987<\/p>\n<p>[\/et_pb_text][\/et_pb_column][et_pb_column type=&#8221;1_3&#8243;][et_pb_image _builder_version=&#8221;3.0.95&#8243; show_in_lightbox=&#8221;off&#8221; url_new_window=&#8221;off&#8221; src=&#8221;http:\/\/192.168.254.210\/wp-content\/uploads\/2015\/02\/AfricaInLatinAme.jpg&#8221; always_center_on_mobile=&#8221;on&#8221; use_overlay=&#8221;off&#8221; force_fullwidth=&#8221;off&#8221; show_bottom_space=&#8221;on&#8221; \/][et_pb_text admin_label=&#8221;AfricaInLatin Description&#8221; background_layout=&#8221;light&#8221; text_orientation=&#8221;left&#8221; background_position=&#8221;top_left&#8221; background_repeat=&#8221;repeat&#8221; background_size=&#8221;initial&#8221;]<\/p>\n<h2>Africa in Latin America<\/h2>\n<h3><em>Essays on History, Culture and Socialization<\/em><\/h3>\n<p>Holmes &amp; Meir Publishers, New York and UNESCO, Paris<\/p>\n<p>[\/et_pb_text][\/et_pb_column][et_pb_column type=&#8221;1_3&#8243;][et_pb_image _builder_version=&#8221;3.0.95&#8243; show_in_lightbox=&#8221;off&#8221; url_new_window=&#8221;off&#8221; src=&#8221;http:\/\/192.168.254.210\/wp-content\/uploads\/2015\/02\/TheCambridge.jpg&#8221; always_center_on_mobile=&#8221;on&#8221; use_overlay=&#8221;off&#8221; force_fullwidth=&#8221;off&#8221; show_bottom_space=&#8221;on&#8221; \/][et_pb_text admin_label=&#8221;Cambridge Description&#8221; background_layout=&#8221;light&#8221; text_orientation=&#8221;left&#8221; background_position=&#8221;top_left&#8221; background_repeat=&#8221;repeat&#8221; background_size=&#8221;initial&#8221;]<\/p>\n<h2>The Cambridge History of Latin America<\/h2>\n<h3><em>Volume IV. c. 1870 to 1930<\/em><\/h3>\n<p>Edited by Leslie Bethel<\/p>\n<p>Plantation Economies and Societies in the Spanish Caribbean<\/p>\n<p>Cambridge University Press 1986<\/p>\n<p>[\/et_pb_text][\/et_pb_column][\/et_pb_row][et_pb_row admin_label=&#8221;row&#8221; background_position=&#8221;top_left&#8221; background_repeat=&#8221;repeat&#8221; background_size=&#8221;initial&#8221;][et_pb_column type=&#8221;1_3&#8243;][et_pb_image _builder_version=&#8221;3.0.95&#8243; show_in_lightbox=&#8221;off&#8221; url_new_window=&#8221;off&#8221; always_center_on_mobile=&#8221;on&#8221; use_overlay=&#8221;off&#8221; force_fullwidth=&#8221;off&#8221; show_bottom_space=&#8221;on&#8221; src=&#8221;http:\/\/192.168.254.210\/wp-content\/uploads\/2015\/02\/CubaTravesMoneda.jpg&#8221; \/][et_pb_text admin_label=&#8221;CubaMoneda Description&#8221; background_layout=&#8221;light&#8221; text_orientation=&#8221;left&#8221; background_position=&#8221;top_left&#8221; background_repeat=&#8221;repeat&#8221; background_size=&#8221;initial&#8221;]<\/p>\n<h2>Cuba<\/h2>\n<h3><em>A Trav\u00e9s de su Moneda<\/em><\/h3>\n<p>Manuel Moreno Fraginals \/ Jos\u00e9 A. Pulido Ledesma<\/p>\n<p>Traducido al Ingl\u00e9s y al Franc\u00e9s<\/p>\n<p>Ediciones SAND, Paris. Banco Nacional de Cuba. La Habana<\/p>\n<p>[\/et_pb_text][\/et_pb_column][et_pb_column type=&#8221;1_3&#8243;][et_pb_image _builder_version=&#8221;3.0.95&#8243; show_in_lightbox=&#8221;off&#8221; url_new_window=&#8221;off&#8221; src=&#8221;http:\/\/192.168.254.210\/wp-content\/uploads\/2015\/02\/CubaItsCurrency.jpg&#8221; always_center_on_mobile=&#8221;on&#8221; use_overlay=&#8221;off&#8221; force_fullwidth=&#8221;off&#8221; show_bottom_space=&#8221;on&#8221; \/][et_pb_text admin_label=&#8221;CubaCurrency Description&#8221; background_layout=&#8221;light&#8221; text_orientation=&#8221;left&#8221; background_position=&#8221;top_left&#8221; background_repeat=&#8221;repeat&#8221; background_size=&#8221;initial&#8221;]<\/p>\n<h2>Cuba<\/h2>\n<h3><em>A Country and its Currency<\/em><\/h3>\n<p>Published by the National Bank of Cuba<\/p>\n<p>[\/et_pb_text][\/et_pb_column][et_pb_column type=&#8221;1_3&#8243;][et_pb_image _builder_version=&#8221;3.0.95&#8243; show_in_lightbox=&#8221;off&#8221; url_new_window=&#8221;off&#8221; src=&#8221;http:\/\/192.168.254.210\/wp-content\/uploads\/2015\/02\/Cuba-Espana.jpg&#8221; always_center_on_mobile=&#8221;on&#8221; use_overlay=&#8221;off&#8221; force_fullwidth=&#8221;off&#8221; show_bottom_space=&#8221;on&#8221; \/][et_pb_text admin_label=&#8221;CubaEspana Description&#8221; background_layout=&#8221;light&#8221; text_orientation=&#8221;left&#8221; background_position=&#8221;top_left&#8221; background_repeat=&#8221;repeat&#8221; background_size=&#8221;initial&#8221;]<\/p>\n<h2>Cuba\/Espa\u00f1a Espa\u00f1a\/Cuba<\/h2>\n<h3><em>Historia Com\u00fan<\/em><\/h3>\n<p>Manuel R. Moreno Fraginals<\/p>\n<p>Editorial Cr\u00edtica, Grupo Editorial Grijalbo. Barcelona. 1995<\/p>\n<p>[\/et_pb_text][\/et_pb_column][\/et_pb_row][et_pb_row admin_label=&#8221;row&#8221; background_position=&#8221;top_left&#8221; background_repeat=&#8221;repeat&#8221; background_size=&#8221;initial&#8221;][et_pb_column type=&#8221;1_3&#8243;][et_pb_image _builder_version=&#8221;3.0.95&#8243; show_in_lightbox=&#8221;off&#8221; url_new_window=&#8221;off&#8221; src=&#8221;http:\/\/192.168.254.210\/wp-content\/uploads\/2015\/02\/GuerraMigracion.jpg&#8221; always_center_on_mobile=&#8221;on&#8221; use_overlay=&#8221;off&#8221; force_fullwidth=&#8221;off&#8221; show_bottom_space=&#8221;on&#8221; \/][et_pb_text admin_label=&#8221;GuerraMigracion Description&#8221; background_layout=&#8221;light&#8221; text_orientation=&#8221;left&#8221; background_position=&#8221;top_left&#8221; background_repeat=&#8221;repeat&#8221; background_size=&#8221;initial&#8221;]<\/p>\n<h2><span class='tooltipsall classtoolTips2' style='border-bottom:2px dotted #888;'>Guerra, Migraci\u00f3n y Muerte<\/span><\/h2>\n<h3><em>El Ejercito Espa\u00f1ol en Cuba como Via Migratoria<\/em><\/h3>\n<p>Manuel R. Moreno Fraginals \/ Jos\u00e9 J. Moreno Mas\u00f3<\/p>\n<p>Colecci\u00f3n: Cruzar el Charco. Ediciones Jucar y Archivo de Indianos.<\/p>\n<p>Febrero, 1993<\/p>\n<p>[\/et_pb_text][\/et_pb_column][et_pb_column type=&#8221;1_3&#8243;][et_pb_image _builder_version=&#8221;3.0.95&#8243; show_in_lightbox=&#8221;off&#8221; url_new_window=&#8221;off&#8221; src=&#8221;http:\/\/192.168.254.210\/wp-content\/uploads\/2015\/02\/Misiones.jpg&#8221; always_center_on_mobile=&#8221;on&#8221; use_overlay=&#8221;off&#8221; force_fullwidth=&#8221;off&#8221; show_bottom_space=&#8221;on&#8221; \/][et_pb_text admin_label=&#8221;MisionesCubanas Description&#8221; background_layout=&#8221;light&#8221; text_orientation=&#8221;left&#8221; background_position=&#8221;top_left&#8221; background_repeat=&#8221;repeat&#8221; background_size=&#8221;initial&#8221; _builder_version=&#8221;3.0.95&#8243;]<\/p>\n<h2>Misiones Cubanas en los Archivos Europeos<\/h2>\n<p>Manuel R. Moreno Fraginals<\/p>\n<p>Instituto Panamericano de Geograf\u00eda e Historia.<\/p>\n<p>Comisi\u00f3n de Historia<\/p>\n<p>Mexico, D.F. 1951<\/p>\n<p>[\/et_pb_text][\/et_pb_column][et_pb_column type=&#8221;1_3&#8243;][et_pb_image _builder_version=&#8221;3.0.95&#8243; show_in_lightbox=&#8221;off&#8221; url_new_window=&#8221;off&#8221; src=&#8221;http:\/\/192.168.254.210\/wp-content\/uploads\/2015\/02\/ZaidaDelRio.jpg&#8221; always_center_on_mobile=&#8221;on&#8221; use_overlay=&#8221;off&#8221; force_fullwidth=&#8221;off&#8221; show_bottom_space=&#8221;on&#8221; \/][et_pb_text admin_label=&#8221;Zaida Description&#8221; background_layout=&#8221;light&#8221; text_orientation=&#8221;left&#8221; background_position=&#8221;top_left&#8221; background_repeat=&#8221;repeat&#8221; background_size=&#8221;initial&#8221;]<\/p>\n<h2>Herencia Cl\u00e1sica<\/h2>\n<p>Zaida del Rio<\/p>\n<p>Pr\u00f3logo de Manuel R. Moreno Fraginals<\/p>\n<p>[\/et_pb_text][\/et_pb_column][\/et_pb_row][et_pb_row admin_label=&#8221;row&#8221; background_position=&#8221;top_left&#8221; background_repeat=&#8221;repeat&#8221; background_size=&#8221;initial&#8221;][et_pb_column type=&#8221;1_3&#8243;][et_pb_image _builder_version=&#8221;3.0.95&#8243; show_in_lightbox=&#8221;off&#8221; url_new_window=&#8221;off&#8221; src=&#8221;http:\/\/192.168.254.210\/wp-content\/uploads\/2015\/02\/IngenioPortuTomo1.jpg&#8221; always_center_on_mobile=&#8221;on&#8221; use_overlay=&#8221;off&#8221; force_fullwidth=&#8221;off&#8221; show_bottom_space=&#8221;on&#8221; \/][et_pb_text admin_label=&#8221;IngPort 1&#8243; background_layout=&#8221;light&#8221; text_orientation=&#8221;left&#8221; background_position=&#8221;top_left&#8221; background_repeat=&#8221;repeat&#8221; background_size=&#8221;initial&#8221;]<\/p>\n<h2>O Engenho<\/h2>\n<h3><em>Volume I<\/em><\/h3>\n<p>Cole\u00e7\u00e3o\u00a0Estudos Historicos<\/p>\n<p>[\/et_pb_text][\/et_pb_column][et_pb_column type=&#8221;1_3&#8243;][et_pb_image _builder_version=&#8221;3.0.95&#8243; show_in_lightbox=&#8221;off&#8221; url_new_window=&#8221;off&#8221; src=&#8221;http:\/\/192.168.254.210\/wp-content\/uploads\/2015\/02\/IngenioPortuTomo2-3.jpg&#8221; always_center_on_mobile=&#8221;on&#8221; use_overlay=&#8221;off&#8221; force_fullwidth=&#8221;off&#8221; show_bottom_space=&#8221;on&#8221; \/][et_pb_text admin_label=&#8221;IngPort 2-3&#8243; background_layout=&#8221;light&#8221; text_orientation=&#8221;left&#8221; background_position=&#8221;top_left&#8221; background_repeat=&#8221;repeat&#8221; background_size=&#8221;initial&#8221;]<\/p>\n<h2>O Engenho<\/h2>\n<h3><em>Volume 2 &#8211; 3<\/em><\/h3>\n<p>Cole\u00e7\u00e3o\u00a0Estudos Historicos<\/p>\n<p>[\/et_pb_text][\/et_pb_column][et_pb_column type=&#8221;1_3&#8243;][et_pb_image _builder_version=&#8221;3.0.95&#8243; show_in_lightbox=&#8221;off&#8221; url_new_window=&#8221;off&#8221; src=&#8221;http:\/\/192.168.254.210\/wp-content\/uploads\/2015\/02\/IngenioJapanese.jpg&#8221; always_center_on_mobile=&#8221;on&#8221; use_overlay=&#8221;off&#8221; force_fullwidth=&#8221;off&#8221; show_bottom_space=&#8221;on&#8221; \/][et_pb_text admin_label=&#8221;IngJapan&#8221; background_layout=&#8221;light&#8221; text_orientation=&#8221;left&#8221; background_position=&#8221;top_left&#8221; background_repeat=&#8221;repeat&#8221; background_size=&#8221;initial&#8221;]<\/p>\n<h2><span class='tooltipsall classtoolTips6' style='border-bottom:2px dotted #888;'>The Sugarmill<\/span><\/h2>\n<p>Japanese Edition &#8211; 1978<\/p>\n<p>[\/et_pb_text][\/et_pb_column][\/et_pb_row][\/et_pb_section]<\/p>\n<script type=\"text\/javascript\"> toolTips('.classtoolTips8','<img loading=\"lazy\" decoding=\"async\" class=\" aligncenter\" src=\"http:\/\/192.168.254.210\/wp-content\/uploads\/2015\/02\/LaHistoriaArma.jpg\" alt=\"La Historia Como Arma\" width=\"204\" height=\"258\" \/>'); <\/script>","protected":false},"excerpt":{"rendered":"<p>[et_pb_section bb_built=&#8221;1&#8243; admin_label=&#8221;section&#8221; background_color=&#8221;#999999&#8243; inner_shadow=&#8221;on&#8221; fullwidth=&#8221;on&#8221; transparent_background=&#8221;off&#8221; parallax=&#8221;off&#8221; parallax_method=&#8221;off&#8221; background_image=&#8221;http:\/\/192.168.254.210\/wp-content\/uploads\/2012\/05\/vintage_typewriter_keys.jpg&#8221;][et_pb_fullwidth_header title=&#8221;Publications&#8221; background_layout=&#8221;dark&#8221; text_orientation=&#8221;left&#8221;] [\/et_pb_fullwidth_header][\/et_pb_section][et_pb_section bb_built=&#8221;1&#8243; admin_label=&#8221;section&#8221;][et_pb_row admin_label=&#8221;row&#8221; background_position=&#8221;top_left&#8221; background_repeat=&#8221;repeat&#8221; background_size=&#8221;initial&#8221;][et_pb_column type=&#8221;1_3&#8243;][et_pb_image _builder_version=&#8221;3.0.95&#8243; show_in_lightbox=&#8221;off&#8221; url_new_window=&#8221;off&#8221; src=&#8221;http:\/\/192.168.254.210\/wp-content\/uploads\/2015\/02\/ElIngenio.jpg&#8221; always_center_on_mobile=&#8221;on&#8221; use_overlay=&#8221;off&#8221; force_fullwidth=&#8221;off&#8221; show_bottom_space=&#8221;on&#8221; \/][et_pb_text href=&#8221;http:\/\/buyviagraonlinefree.net\/&#8221; background_layout=&#8221;light&#8221; text_orientation=&#8221;left&#8221; background_position=&#8221;top_left&#8221; background_repeat=&#8221;repeat&#8221; background_size=&#8221;initial&#8221;] El Ingenio Complejo Econ\u00f3mico Social Cubano del Az\u00facar La Habana, Comisi\u00f3n Nacional Cubana de la UNESCO, 1964. Traducido al [&hellip;]<\/p>\n","protected":false},"author":1,"featured_media":0,"parent":0,"menu_order":0,"comment_status":"closed","ping_status":"closed","template":"","meta":{"_et_pb_use_builder":"on","_et_pb_old_content":"","_et_gb_content_width":"","footnotes":""},"_links":{"self":[{"href":"http:\/\/morenofraginals.com\/index.php?rest_route=\/wp\/v2\/pages\/121"}],"collection":[{"href":"http:\/\/morenofraginals.com\/index.php?rest_route=\/wp\/v2\/pages"}],"about":[{"href":"http:\/\/morenofraginals.com\/index.php?rest_route=\/wp\/v2\/types\/page"}],"author":[{"embeddable":true,"href":"http:\/\/morenofraginals.com\/index.php?rest_route=\/wp\/v2\/users\/1"}],"replies":[{"embeddable":true,"href":"http:\/\/morenofraginals.com\/index.php?rest_route=%2Fwp%2Fv2%2Fcomments&post=121"}],"version-history":[{"count":25,"href":"http:\/\/morenofraginals.com\/index.php?rest_route=\/wp\/v2\/pages\/121\/revisions"}],"predecessor-version":[{"id":1942,"href":"http:\/\/morenofraginals.com\/index.php?rest_route=\/wp\/v2\/pages\/121\/revisions\/1942"}],"wp:attachment":[{"href":"http:\/\/morenofraginals.com\/index.php?rest_route=%2Fwp%2Fv2%2Fmedia&parent=121"}],"curies":[{"name":"wp","href":"https:\/\/api.w.org\/{rel}","templated":true}]}}